{"id":828,"date":"2025-04-25T15:41:24","date_gmt":"2025-04-25T13:41:24","guid":{"rendered":"https:\/\/www.zahn-fine-kids.de\/tedaviler\/cocuklarda-koruyucu-dis-hekimligi\/"},"modified":"2025-05-16T13:24:24","modified_gmt":"2025-05-16T11:24:24","slug":"cocuklarda-koruyucu-dis-hekimligi","status":"publish","type":"page","link":"https:\/\/www.zahn-fine-kids.de\/tr\/tedaviler\/cocuklarda-koruyucu-dis-hekimligi\/","title":{"rendered":"\u00c7ocuklarda Koruyucu Di\u015f Hekimli\u011fi"},"content":{"rendered":"\t\t<div data-elementor-type=\"wp-page\" data-elementor-id=\"828\" class=\"elementor elementor-828 elementor-438\" data-elementor-settings=\"{&quot;element_pack_global_tooltip_width&quot;:{&quot;unit&quot;:&quot;px&quot;,&quot;size&quot;:&quot;&quot;,&quot;sizes&quot;:[]},&quot;element_pack_global_tooltip_width_tablet&quot;:{&quot;unit&quot;:&quot;px&quot;,&quot;size&quot;:&quot;&quot;,&quot;sizes&quot;:[]},&quot;element_pack_global_tooltip_width_mobile&quot;:{&quot;unit&quot;:&quot;px&quot;,&quot;size&quot;:&quot;&quot;,&quot;sizes&quot;:[]},&quot;element_pack_global_tooltip_padding&quot;:{&quot;unit&quot;:&quot;px&quot;,&quot;top&quot;:&quot;&quot;,&quot;right&quot;:&quot;&quot;,&quot;bottom&quot;:&quot;&quot;,&quot;left&quot;:&quot;&quot;,&quot;isLinked&quot;:true},&quot;element_pack_global_tooltip_padding_tablet&quot;:{&quot;unit&quot;:&quot;px&quot;,&quot;top&quot;:&quot;&quot;,&quot;right&quot;:&quot;&quot;,&quot;bottom&quot;:&quot;&quot;,&quot;left&quot;:&quot;&quot;,&quot;isLinked&quot;:true},&quot;element_pack_global_tooltip_padding_mobile&quot;:{&quot;unit&quot;:&quot;px&quot;,&quot;top&quot;:&quot;&quot;,&quot;right&quot;:&quot;&quot;,&quot;bottom&quot;:&quot;&quot;,&quot;left&quot;:&quot;&quot;,&quot;isLinked&quot;:true},&quot;element_pack_global_tooltip_border_radius&quot;:{&quot;unit&quot;:&quot;px&quot;,&quot;top&quot;:&quot;&quot;,&quot;right&quot;:&quot;&quot;,&quot;bottom&quot;:&quot;&quot;,&quot;left&quot;:&quot;&quot;,&quot;isLinked&quot;:true},&quot;element_pack_global_tooltip_border_radius_tablet&quot;:{&quot;unit&quot;:&quot;px&quot;,&quot;top&quot;:&quot;&quot;,&quot;right&quot;:&quot;&quot;,&quot;bottom&quot;:&quot;&quot;,&quot;left&quot;:&quot;&quot;,&quot;isLinked&quot;:true},&quot;element_pack_global_tooltip_border_radius_mobile&quot;:{&quot;unit&quot;:&quot;px&quot;,&quot;top&quot;:&quot;&quot;,&quot;right&quot;:&quot;&quot;,&quot;bottom&quot;:&quot;&quot;,&quot;left&quot;:&quot;&quot;,&quot;isLinked&quot;:true}}\" data-elementor-post-type=\"page\">\n\t\t\t\t\t\t<section class=\"elementor-section elementor-top-section elementor-element elementor-element-6a95bec elementor-reverse-mobile elementor-section-boxed elementor-section-height-default elementor-section-height-default\" data-id=\"6a95bec\" data-element_type=\"section\" data-e-type=\"section\">\n\t\t\t\t\t\t<div class=\"elementor-container elementor-column-gap-extended\">\n\t\t\t\t\t<div class=\"aux-parallax-section elementor-column elementor-col-50 elementor-top-column elementor-element elementor-element-77f1f21 elementor-invisible\" data-id=\"77f1f21\" data-element_type=\"column\" data-e-type=\"column\" data-settings=\"{&quot;animation&quot;:&quot;fadeInLeft&quot;}\">\n\t\t\t<div class=\"elementor-widget-wrap elementor-element-populated\">\n\t\t\t\t\t\t<div class=\"elementor-element elementor-element-0363c8e elementor-widget elementor-widget-heading\" data-id=\"0363c8e\" data-element_type=\"widget\" data-e-type=\"widget\" data-widget_type=\"heading.default\">\n\t\t\t\t<div class=\"elementor-widget-container\">\n\t\t\t\t\t<h1 class=\"elementor-heading-title elementor-size-default\">\u00c7ocuklarda Koruyucu Di\u015f Hekimli\u011fi<\/h1>\t\t\t\t<\/div>\n\t\t\t\t<\/div>\n\t\t\t\t<div class=\"elementor-element elementor-element-9c657f9 elementor-widget elementor-widget-heading\" data-id=\"9c657f9\" data-element_type=\"widget\" data-e-type=\"widget\" data-widget_type=\"heading.default\">\n\t\t\t\t<div class=\"elementor-widget-container\">\n\t\t\t\t\t<h2 class=\"elementor-heading-title elementor-size-default\">En ba\u015f\u0131ndan sa\u011fl\u0131kl\u0131 di\u015fler \u2013 \u00e7ocuklarda do\u011fru koruyucu bak\u0131m neden bu kadar \u00f6nemlidir?<\/h2>\t\t\t\t<\/div>\n\t\t\t\t<\/div>\n\t\t\t\t<div class=\"elementor-element elementor-element-2c85b05 elementor-widget elementor-widget-text-editor\" data-id=\"2c85b05\" data-element_type=\"widget\" data-e-type=\"widget\" data-widget_type=\"text-editor.default\">\n\t\t\t\t<div class=\"elementor-widget-container\">\n\t\t\t\t\t\t\t\t\tPek \u00e7ok ebeveynin akl\u0131nda \u015fu sorular vard\u0131r:<br>&#8220;\u00c7ocu\u011fumu ilk ne zaman di\u015f hekimine g\u00f6t\u00fcrmeliyim?&#8221;<br>&#8220;\u00c7\u00fcr\u00fc\u011f\u00fc en ba\u015ftan nas\u0131l \u00f6nleyebilirim?&#8221;<br>\u0130\u015fte tam da bu noktada devreye biz giriyoruz. Gelsenkirchen\u2019deki \u00e7ocuk di\u015f klini\u011finiz Zahnfine Kids olarak, \u00e7ocuklar\u0131n \u00f6zel ihtiya\u00e7lar\u0131na y\u00f6nelik yakla\u015f\u0131mlar sunuyoruz.    \t\t\t\t\t\t\t\t<\/div>\n\t\t\t\t<\/div>\n\t\t\t\t\t<\/div>\n\t\t<\/div>\n\t\t\t\t<div class=\"aux-parallax-section elementor-column elementor-col-50 elementor-top-column elementor-element elementor-element-1057854\" data-id=\"1057854\" data-element_type=\"column\" data-e-type=\"column\">\n\t\t\t<div class=\"elementor-widget-wrap elementor-element-populated\">\n\t\t\t\t\t\t<div class=\"elementor-element elementor-element-8a1f7e6 elementor-invisible elementor-widget elementor-widget-image\" data-id=\"8a1f7e6\" data-element_type=\"widget\" data-e-type=\"widget\" data-settings=\"{&quot;_animation&quot;:&quot;fadeInRight&quot;}\" data-widget_type=\"image.default\">\n\t\t\t\t<div class=\"elementor-widget-container\">\n\t\t\t\t\t\t\t\t\t\t\t\t\t\t\t<img fetchpriority=\"high\" decoding=\"async\" width=\"320\" height=\"320\" src=\"https:\/\/www.zahn-fine-kids.de\/wp-content\/uploads\/2025\/01\/girl-laughing-in-a-summer-evening-2025-01-10-04-13-16-utc-web.jpg\" class=\"attachment-large size-large wp-image-688\" alt=\"\" srcset=\"https:\/\/www.zahn-fine-kids.de\/wp-content\/uploads\/2025\/01\/girl-laughing-in-a-summer-evening-2025-01-10-04-13-16-utc-web.jpg 320w, https:\/\/www.zahn-fine-kids.de\/wp-content\/uploads\/2025\/01\/girl-laughing-in-a-summer-evening-2025-01-10-04-13-16-utc-web-300x300.jpg 300w, https:\/\/www.zahn-fine-kids.de\/wp-content\/uploads\/2025\/01\/girl-laughing-in-a-summer-evening-2025-01-10-04-13-16-utc-web-150x150.jpg 150w, https:\/\/www.zahn-fine-kids.de\/wp-content\/uploads\/2025\/01\/girl-laughing-in-a-summer-evening-2025-01-10-04-13-16-utc-web-200x200.jpg 200w\" sizes=\"(max-width: 320px) 100vw, 320px\" \/>\t\t\t\t\t\t\t\t\t\t\t\t\t\t\t<\/div>\n\t\t\t\t<\/div>\n\t\t\t\t\t<\/div>\n\t\t<\/div>\n\t\t\t\t\t<\/div>\n\t\t<\/section>\n\t\t<div class=\"aux-parallax-section elementor-element elementor-element-2d9cd86 e-flex e-con-boxed e-con e-parent\" data-id=\"2d9cd86\" data-element_type=\"container\" data-e-type=\"container\">\n\t\t\t\t\t<div class=\"e-con-inner\">\n\t\t\t\t<div class=\"elementor-element elementor-element-675f1a6 elementor-invisible elementor-widget elementor-widget-heading\" data-id=\"675f1a6\" data-element_type=\"widget\" data-e-type=\"widget\" data-settings=\"{&quot;_animation&quot;:&quot;fadeInUp&quot;}\" data-widget_type=\"heading.default\">\n\t\t\t\t<div class=\"elementor-widget-container\">\n\t\t\t\t\t<h2 class=\"elementor-heading-title elementor-size-default\">Koruyucu bak\u0131m neden bu kadar \u00f6nemlidir?<\/h2>\t\t\t\t<\/div>\n\t\t\t\t<\/div>\n\t\t\t\t<div class=\"elementor-element elementor-element-acdf3ed elementor-widget elementor-widget-text-editor\" data-id=\"acdf3ed\" data-element_type=\"widget\" data-e-type=\"widget\" data-widget_type=\"text-editor.default\">\n\t\t\t\t<div class=\"elementor-widget-container\">\n\t\t\t\t\t\t\t\t\t<p>S\u00fct di\u015fleri yaln\u0131zca ge\u00e7ici di\u015fler de\u011fildir, ayn\u0131 zamanda daimi di\u015fler i\u00e7in yer tutucu, konu\u015fma geli\u015fiminde, sa\u011fl\u0131kl\u0131 beslenmede ve \u00f6zg\u00fcven olu\u015fumunda \u00f6nemli rol oynar.<br>E\u011fer bir s\u00fct di\u015fi \u00e7\u00fcr\u00fck nedeniyle erken kaybedilirse, bu durum kal\u0131c\u0131 hasarlara ve ileride \u00e7ene-di\u015f bozukluklar\u0131na yol a\u00e7abilir.  <\/p><p>Erken \u00e7ocukluk \u00e7a\u011f\u0131 \u00e7\u00fcr\u00fc\u011f\u00fc, \u00e7o\u011funlukla \u015fekerli i\u00e7ecekler, yetersiz f\u0131r\u00e7alama al\u0131\u015fkanl\u0131klar\u0131 veya biberonun s\u00fcrekli kullan\u0131m\u0131 nedeniyle geli\u015fmektedir. Ve ne yaz\u0131k ki, bu \u00e7\u00fcr\u00fckler olduk\u00e7a h\u0131zl\u0131 yay\u0131lmaktad\u0131r. <\/p>\t\t\t\t\t\t\t\t<\/div>\n\t\t\t\t<\/div>\n\t\t\t\t\t<\/div>\n\t\t\t\t<\/div>\n\t\t<div class=\"aux-parallax-section elementor-element elementor-element-c9eb3f6 e-flex e-con-boxed e-con e-parent\" data-id=\"c9eb3f6\" data-element_type=\"container\" data-e-type=\"container\">\n\t\t\t\t\t<div class=\"e-con-inner\">\n\t\t\t\t<div class=\"elementor-element elementor-element-8d6fd35 elementor-invisible elementor-widget elementor-widget-heading\" data-id=\"8d6fd35\" data-element_type=\"widget\" data-e-type=\"widget\" data-settings=\"{&quot;_animation&quot;:&quot;fadeInUp&quot;}\" data-widget_type=\"heading.default\">\n\t\t\t\t<div class=\"elementor-widget-container\">\n\t\t\t\t\t<h2 class=\"elementor-heading-title elementor-size-default\">Neler Yapabiliriz?\n<\/h2>\t\t\t\t<\/div>\n\t\t\t\t<\/div>\n\t\t\t\t<div class=\"elementor-element elementor-element-683796c elementor-widget elementor-widget-text-editor\" data-id=\"683796c\" data-element_type=\"widget\" data-e-type=\"widget\" data-widget_type=\"text-editor.default\">\n\t\t\t\t<div class=\"elementor-widget-container\">\n\t\t\t\t\t\t\t\t\t<p>Gelsenkirchen\u2019deki \u00e7ocuk di\u015f hekiminiz olarak, hem sizinle hem \u00e7ocu\u011funuzla birebir ilgileniyor, geli\u015fimini d\u00fczenli olarak takip ediyoruz.<br>Bireysel koruyucu uygulamalar kapsam\u0131nda \u00e7ocu\u011funuza di\u015f f\u0131r\u00e7alaman\u0131n nas\u0131l do\u011fru yap\u0131laca\u011f\u0131n\u0131 oyunla ve \u00f6rnekle g\u00f6steriyoruz.<br>Koruyucu program\u0131m\u0131z \u015funlar\u0131 i\u00e7ermektedir:   <\/p>\t\t\t\t\t\t\t\t<\/div>\n\t\t\t\t<\/div>\n\t\t\t\t<div class=\"elementor-element elementor-element-96f9abc elementor-align-start elementor-icon-list--layout-traditional elementor-list-item-link-full_width elementor-widget elementor-widget-icon-list\" data-id=\"96f9abc\" data-element_type=\"widget\" data-e-type=\"widget\" data-widget_type=\"icon-list.default\">\n\t\t\t\t<div class=\"elementor-widget-container\">\n\t\t\t\t\t\t\t<ul class=\"elementor-icon-list-items\">\n\t\t\t\t\t\t\t<li class=\"elementor-icon-list-item\">\n\t\t\t\t\t\t\t\t\t\t\t<span class=\"elementor-icon-list-icon\">\n\t\t\t\t\t\t\t<i aria-hidden=\"true\" class=\"fas fa-arrow-circle-right\"><\/i>\t\t\t\t\t\t<\/span>\n\t\t\t\t\t\t\t\t\t\t<span class=\"elementor-icon-list-text\">Di\u015f pla\u011f\u0131n\u0131n belirginle\u015ftirilmesi i\u00e7in boyama y\u00f6ntemi <\/span>\n\t\t\t\t\t\t\t\t\t<\/li>\n\t\t\t\t\t\t\t\t<li class=\"elementor-icon-list-item\">\n\t\t\t\t\t\t\t\t\t\t\t<span class=\"elementor-icon-list-icon\">\n\t\t\t\t\t\t\t<i aria-hidden=\"true\" class=\"fas fa-arrow-circle-right\"><\/i>\t\t\t\t\t\t<\/span>\n\t\t\t\t\t\t\t\t\t\t<span class=\"elementor-icon-list-text\">\u00c7ocuklara \u00f6zel profesyonel di\u015f temizli\u011fi <\/span>\n\t\t\t\t\t\t\t\t\t<\/li>\n\t\t\t\t\t\t\t\t<li class=\"elementor-icon-list-item\">\n\t\t\t\t\t\t\t\t\t\t\t<span class=\"elementor-icon-list-icon\">\n\t\t\t\t\t\t\t<i aria-hidden=\"true\" class=\"fas fa-arrow-circle-right\"><\/i>\t\t\t\t\t\t<\/span>\n\t\t\t\t\t\t\t\t\t\t<span class=\"elementor-icon-list-text\">Flor uygulamalar\u0131 ile \u00e7\u00fcr\u00fc\u011fe kar\u015f\u0131 koruma<\/span>\n\t\t\t\t\t\t\t\t\t<\/li>\n\t\t\t\t\t\t\t\t<li class=\"elementor-icon-list-item\">\n\t\t\t\t\t\t\t\t\t\t\t<span class=\"elementor-icon-list-icon\">\n\t\t\t\t\t\t\t<i aria-hidden=\"true\" class=\"fas fa-arrow-circle-right\"><\/i>\t\t\t\t\t\t<\/span>\n\t\t\t\t\t\t\t\t\t\t<span class=\"elementor-icon-list-text\">Daimi az\u0131 di\u015flerine y\u00f6nelik fiss\u00fcr \u00f6rt\u00fcc\u00fc uygulamalar\u0131<\/span>\n\t\t\t\t\t\t\t\t\t<\/li>\n\t\t\t\t\t\t<\/ul>\n\t\t\t\t\t\t<\/div>\n\t\t\t\t<\/div>\n\t\t\t\t<div class=\"elementor-element elementor-element-9dafd66 elementor-widget elementor-widget-text-editor\" data-id=\"9dafd66\" data-element_type=\"widget\" data-e-type=\"widget\" data-widget_type=\"text-editor.default\">\n\t\t\t\t<div class=\"elementor-widget-container\">\n\t\t\t\t\t\t\t\t\tT\u00fcm bu y\u00f6ntemlerle, \u00e7ocu\u011funuz i\u00e7in uzun vadede sa\u011flam ve sa\u011fl\u0131kl\u0131 bir a\u011f\u0131z yap\u0131s\u0131n\u0131n temelini birlikte at\u0131yoruz.<br>Ayr\u0131ca: \u00c7ocuklar di\u015f hekimini ne kadar erken pozitif bir ortamda tan\u0131rsa, sonraki kontroller o kadar kolay ve huzurlu ge\u00e7mektedir! \t\t\t\t\t\t\t\t<\/div>\n\t\t\t\t<\/div>\n\t\t\t\t\t<\/div>\n\t\t\t\t<\/div>\n\t\t<div class=\"aux-parallax-section elementor-element elementor-element-fa1dec9 e-flex e-con-boxed e-con e-parent\" data-id=\"fa1dec9\" data-element_type=\"container\" data-e-type=\"container\">\n\t\t\t\t\t<div class=\"e-con-inner\">\n\t\t\t\t<div class=\"elementor-element elementor-element-6430910 elementor-invisible elementor-widget elementor-widget-heading\" data-id=\"6430910\" data-element_type=\"widget\" data-e-type=\"widget\" data-settings=\"{&quot;_animation&quot;:&quot;fadeInUp&quot;}\" data-widget_type=\"heading.default\">\n\t\t\t\t<div class=\"elementor-widget-container\">\n\t\t\t\t\t<h2 class=\"elementor-heading-title elementor-size-default\">Ebeveynlere \u00d6nerimiz<\/h2>\t\t\t\t<\/div>\n\t\t\t\t<\/div>\n\t\t\t\t<div class=\"elementor-element elementor-element-1fd0dd0 elementor-widget elementor-widget-text-editor\" data-id=\"1fd0dd0\" data-element_type=\"widget\" data-e-type=\"widget\" data-widget_type=\"text-editor.default\">\n\t\t\t\t<div class=\"elementor-widget-container\">\n\t\t\t\t\t\t\t\t\t<p>\u00c7ocu\u011funuzu ilk s\u00fct di\u015fi \u00e7\u0131kt\u0131\u011f\u0131 andan itibaren tercihen 6 ila 12 ay aras\u0131nda di\u015f hekimi kontrol\u00fcne getirmenizi \u00f6neriyoruz.<br>6 ya\u015f\u0131ndan itibaren yasal sa\u011fl\u0131k sigortalar\u0131 y\u0131lda iki koruyucu bak\u0131m randevusunu kar\u015f\u0131lamaktad\u0131r. Bu f\u0131rsat\u0131 mutlaka de\u011ferlendirin!  <\/p><p><strong>Zahnfine Kids olarak, sizi ve \u00e7ocu\u011funuzu klini\u011fimizde a\u011f\u0131rlamaktan memnuniyet duyar\u0131z.<br>Randevunuzu al\u0131n ve \u00e7ocu\u011funuzun sa\u011fl\u0131kl\u0131 g\u00fcl\u00fcmsemesine birlikte y\u00f6n verelim! <\/strong><\/p>\t\t\t\t\t\t\t\t<\/div>\n\t\t\t\t<\/div>\n\t\t\t\t\t<\/div>\n\t\t\t\t<\/div>\n\t\t<div class=\"aux-parallax-section elementor-element elementor-element-5bbf4e84 e-flex e-con-boxed e-con e-parent\" data-id=\"5bbf4e84\" data-element_type=\"container\" data-e-type=\"container\">\n\t\t\t\t\t<div class=\"e-con-inner\">\n\t\t\t\t<div class=\"elementor-element elementor-element-4f5a6d4e elementor-widget__width-inherit elementor-widget-mobile__width-inherit elementor-widget elementor-widget-aux_button\" data-id=\"4f5a6d4e\" data-element_type=\"widget\" data-e-type=\"widget\" data-widget_type=\"aux_button.default\">\n\t\t\t\t<div class=\"elementor-widget-container\">\n\t\t\t\t\t<a  href=\"https:\/\/www.zahn-fine-kids.de\/\" target=\"_self\"   class=\"aux-button aux-medium aux-carmine-pink aux-curve aux-none aux-uppercase\" ><span class=\"aux-overlay\"><\/span><span class=\"aux-text\">Ana sayfaya<\/span><\/a>\t\t\t\t<\/div>\n\t\t\t\t<\/div>\n\t\t\t\t\t<\/div>\n\t\t\t\t<\/div>\n\t\t\t\t<\/div>\n\t\t","protected":false},"excerpt":{"rendered":"<p>\u00c7ocuklarda Koruyucu Di\u015f Hekimli\u011fi En ba\u015f\u0131ndan sa\u011fl\u0131kl\u0131 di\u015fler \u2013 \u00e7ocuklarda do\u011fru koruyucu bak\u0131m neden bu kadar \u00f6nemlidir? Pek \u00e7ok ebeveynin akl\u0131nda \u015fu sorular vard\u0131r:&#8220;\u00c7ocu\u011fumu ilk ne zaman di\u015f hekimine g\u00f6t\u00fcrmeliyim?&#8221;&#8220;\u00c7\u00fcr\u00fc\u011f\u00fc en ba\u015ftan nas\u0131l \u00f6nleyebilirim?&#8221;\u0130\u015fte tam da bu noktada devreye biz giriyoruz. Gelsenkirchen\u2019deki \u00e7ocuk di\u015f klini\u011finiz Zahnfine Kids olarak, \u00e7ocuklar\u0131n \u00f6zel ihtiya\u00e7lar\u0131na y\u00f6nelik yakla\u015f\u0131mlar sunuyoruz. Koruyucu [&hellip;]<\/p>\n","protected":false},"author":1,"featured_media":0,"parent":803,"menu_order":0,"comment_status":"closed","ping_status":"closed","template":"elementor_header_footer","meta":{"footnotes":""},"class_list":["post-828","page","type-page","status-publish","hentry"],"_links":{"self":[{"href":"https:\/\/www.zahn-fine-kids.de\/tr\/wp-json\/wp\/v2\/pages\/828","targetHints":{"allow":["GET"]}}],"collection":[{"href":"https:\/\/www.zahn-fine-kids.de\/tr\/wp-json\/wp\/v2\/pages"}],"about":[{"href":"https:\/\/www.zahn-fine-kids.de\/tr\/wp-json\/wp\/v2\/types\/page"}],"author":[{"embeddable":true,"href":"https:\/\/www.zahn-fine-kids.de\/tr\/wp-json\/wp\/v2\/users\/1"}],"replies":[{"embeddable":true,"href":"https:\/\/www.zahn-fine-kids.de\/tr\/wp-json\/wp\/v2\/comments?post=828"}],"version-history":[{"count":1,"href":"https:\/\/www.zahn-fine-kids.de\/tr\/wp-json\/wp\/v2\/pages\/828\/revisions"}],"predecessor-version":[{"id":829,"href":"https:\/\/www.zahn-fine-kids.de\/tr\/wp-json\/wp\/v2\/pages\/828\/revisions\/829"}],"up":[{"embeddable":true,"href":"https:\/\/www.zahn-fine-kids.de\/tr\/wp-json\/wp\/v2\/pages\/803"}],"wp:attachment":[{"href":"https:\/\/www.zahn-fine-kids.de\/tr\/wp-json\/wp\/v2\/media?parent=828"}],"curies":[{"name":"wp","href":"https:\/\/api.w.org\/{rel}","templated":true}]}}